{"id":2329,"date":"2024-03-02T22:02:30","date_gmt":"2024-03-02T21:02:30","guid":{"rendered":"https:\/\/www.agoal.it\/?page_id=2329"},"modified":"2024-07-18T15:50:52","modified_gmt":"2024-07-18T13:50:52","slug":"statuto","status":"publish","type":"page","link":"https:\/\/www.agoal.it\/index.php\/statuto\/","title":{"rendered":"Statuto"},"content":{"rendered":"<div class=\"wpb-content-wrapper\">[vc_row fullwidth=&#8221;true&#8221;][vc_column][layerslider_vc id=&#8221;11&#8243;][mk_padding_divider][\/vc_column][\/vc_row][vc_row][vc_column][mk_fancy_title color=&#8221;#003e87&#8243; size=&#8221;20&#8243; force_font_size=&#8221;true&#8221; size_smallscreen=&#8221;18&#8243; size_tablet=&#8221;14&#8243; size_phone=&#8221;10&#8243; line_height=&#8221;70&#8243; font_family=&#8221;MS Sans Serif, Geneva, sans-serif&#8221; font_type=&#8221;safefont&#8221; align=&#8221;center&#8221;]\n<h2>ASSOCIAZIONE GESTIONE OPERE ASSISTENZIALI LAVORATORI<\/h2>\n<h4>ENTE DEL TERZO SETTORE &#8211; Iscritta Registro Unico Nazionale Terzo Settore rep. n. 30500<\/h4>\n[\/mk_fancy_title][mk_padding_divider][mk_fancy_title color=&#8221;#003e87&#8243; size=&#8221;24&#8243; force_font_size=&#8221;true&#8221; size_smallscreen=&#8221;19&#8243; size_tablet=&#8221;15&#8243; size_phone=&#8221;11&#8243; line_height=&#8221;70&#8243; font_weight=&#8221;600&#8243; font_family=&#8221;MS Sans Serif, Geneva, sans-serif&#8221; font_type=&#8221;safefont&#8221; align=&#8221;center&#8221;]STATUTO[\/mk_fancy_title][mk_padding_divider][mk_fancy_title color=&#8221;#003e87&#8243; size=&#8221;18&#8243; force_font_size=&#8221;true&#8221; size_smallscreen=&#8221;18&#8243; size_tablet=&#8221;14&#8243; size_phone=&#8221;10&#8243; line_height=&#8221;70&#8243; font_family=&#8221;MS Sans Serif, Geneva, sans-serif&#8221; font_type=&#8221;safefont&#8221;]<strong>Art. 1 \u2013 COSTITUZIONE, DENOMINAZIONE, SEDE E DURATA<\/strong>[\/mk_fancy_title][vc_column_text css=&#8221;.vc_custom_1716474787056{margin-bottom: 0px !important;}&#8221;]\n<p style=\"text-align: justify;\"><strong>1. Costituzione<\/strong><br \/>\nE&#8217; costituita, ai sensi degli artt. 36 e seguenti Codice Civile del D.Lgs 3 luglio 2017 n. 117 la ASSOCIAZIONE GESTIONE OPERE ASSISTENZIALI LAVORATORI DI CARIPLO E GRUPPO INTESA SANPAOLO \u2013 ENTE DEL TERZO SETTORE detta anche per brevit\u00e0 \u201cAGOAL CARIPLO ETS\u201d, (nel testo statutario di seguito \u201cAssociazione\u201d) con sede a MILANO.<\/p>\n<p style=\"text-align: justify;\"><strong>2. Denominazione<\/strong><br \/>\nLa denominazione \u201cEnte del Terzo Settore\u201d, nonch\u00e9 l\u2019acronimo \u201cETS\u201d, verr\u00e0 utilizzata solo dopo l\u2019avvenuta iscrizione nel Registro Unico Nazionale del Terzo Settore.<\/p>\n<p style=\"text-align: justify;\"><strong>3. Sede<\/strong><br \/>\nL\u2019Associazione ha sede in Milano. La sede pu\u00f2 essere trasferita, purch\u00e9 in Italia, con delibera del Consiglio Direttivo, il quale pu\u00f2 istituire e sopprimere altrove, anche all&#8217;estero, con le modalit\u00e0 previste dalla legge, filiali, succursali, agenzie, unit\u00e0 locali, uffici e rappresentanze.<\/p>\n<p style=\"text-align: justify;\"><strong>4. Durata<\/strong><br \/>\nL\u2019Associazione \u00e8 costituita a tempo indeterminato.<\/p>\n[\/vc_column_text][mk_padding_divider][mk_fancy_title color=&#8221;#003e87&#8243; size=&#8221;18&#8243; force_font_size=&#8221;true&#8221; size_smallscreen=&#8221;18&#8243; size_tablet=&#8221;14&#8243; size_phone=&#8221;10&#8243; line_height=&#8221;70&#8243; font_family=&#8221;MS Sans Serif, Geneva, sans-serif&#8221; font_type=&#8221;safefont&#8221;]<strong>Art. 2 \u2013 FINALITA\u2019, SCOPI E OGGETTO DELL\u2019ATTIVITA\u2019 \u2013 FIGURA DEL VOLONTARIO E ATTIVITA\u2019 DI VOLONTARIATO<\/strong>[\/mk_fancy_title][vc_column_text css=&#8221;.vc_custom_1716474806762{margin-bottom: 0px !important;}&#8221;]\n<p style=\"text-align: justify;\">L\u2019Associazione non persegue finalit\u00e0 di lucro e si propone di promuovere la coesione, la formazione e l\u2019aggregazione sociale per gli associati con iniziative di natura assistenziale, culturale, artistica, ricreativa, di interesse sociale, turistica e sportiva dilettantistica, nonch\u00e9 servizi alla persona.<br \/>\nIn particolare, in riferimento alle attivit\u00e0 di cui sopra, l\u2019Associazione si propone di favorire un utilizzo sano e proficuo del tempo libero, predisponendo i mezzi e gli strumenti necessari.<br \/>\nTutto quanto sopra, nell\u2019ottica di quanto previsto dall\u2019art. 5, D.Lgs 3\/7\/2017 n. 117 \u201cCodice del Terzo Settore\u201d alle lettere \u201ci\u201d \u201ck\u201d e \u201ct\u201d.<br \/>\nDette finalit\u00e0 possono essere raggiunte anche attraverso la costituzione di Gruppi per lo svolgimento di specifiche attivit\u00e0.<br \/>\nAi sensi e nel rispetto di quanto previsto dall\u2019art. 9 del D.Lgs 117\/2017, l\u2019Associazione pu\u00f2 avvalersi di volontari nello svolgimento delle proprie attivit\u00e0.<br \/>\nI Volontari che svolgono la loro attivit\u00e0 in modo non occasionale sono tenuti a iscriversi in un apposito registro dei volontari.<br \/>\nLa figura e l\u2019attivit\u00e0 del volontario sono regolate dal gi\u00e0 menzionato art. 9 D.Lgs 117\/2017.<br \/>\nPosta la prevalenza di quanto sopra e sempre per il raggiungimento delle proprie finalit\u00e0, laddove ne ravvisi l\u2019opportunit\u00e0, l\u2019Associazione potr\u00e0 svolgere eventualmente anche attivit\u00e0 commerciali, dirette o indirette, anche mediante acquisizione di partecipazioni societarie, in modo non prevalente e comunque strumentale alle finalit\u00e0 di cui al presente articolo.<\/p>\n[\/vc_column_text][mk_padding_divider][mk_fancy_title color=&#8221;#003e87&#8243; size=&#8221;18&#8243; force_font_size=&#8221;true&#8221; size_smallscreen=&#8221;18&#8243; size_tablet=&#8221;14&#8243; size_phone=&#8221;10&#8243; line_height=&#8221;70&#8243; font_family=&#8221;MS Sans Serif, Geneva, sans-serif&#8221; font_type=&#8221;safefont&#8221;]<strong>Art. 3 \u2013 ASSOCIATI, DIRITTI E DOVERI<\/strong>[\/mk_fancy_title][vc_column_text css=&#8221;.vc_custom_1716474823246{margin-bottom: 0px !important;}&#8221;]\n<p style=\"text-align: justify;\"><strong>1. Assunzione della qualifica di Associato &#8211; Diritti e doveri dell\u2019Associato &#8211; Quota associativa intrasmissibile e non rivalutabile<\/strong><\/p>\n<p style=\"text-align: justify;\">Possono essere associati tutti i soggetti, senza alcuna distinzione e senza alcuna discriminazione, dipendenti del Gruppo Intesa Sanpaolo ed i pensionati per essere stati dipendenti di societ\u00e0 o enti facenti parte del Gruppo Intesa Sanpaolo o danti causa del Gruppo stesso e i loro familiari di 1\u00b0 grado anche non conviventi.<\/p>\n<p style=\"text-align: justify;\">Potranno inoltre essere associati anche coloro che condividano le finalit\u00e0 e gli scopi dell\u2019Associazione e intendano sostenere l\u2019attivit\u00e0 dell\u2019Associazione stessa, in base alle regole stabilite dal Consiglio Direttivo.<\/p>\n<p style=\"text-align: justify;\">E\u2019esclusa espressamente ogni limitazione in funzione della temporaneit\u00e0 della partecipazione alla vita associativa.<\/p>\n<p style=\"text-align: justify;\">Tutti gli associati esercitano eguale diritto di elettorato attivo e passivo.<\/p>\n<p style=\"text-align: justify;\">Tutti gli associati hanno il diritto di esaminare i Libri Sociali obbligatori e nello specifico il Libro degli Associati, libro delle adunanze dell\u2019Organo di amministrazione e dell\u2019Organo di controllo. Tale diritto potr\u00e0 essere esercitato inoltrando richiesta scritta all\u2019Organo di amministrazione tramite raccomandata a.r. o tramite PEC, specificando in dettaglio l\u2019oggetto del proprio esame ed assegnando un termine non inferiore a 15 giorni lavorativi entro il quale la Direzione dell\u2019Associazione indicher\u00e0 la data, le modalit\u00e0 dell\u2019accesso presso la sede legale e dello svolgimento dell\u2019esame richiesto. Il tutto come disciplinato da regolamento che, emanato dal Consiglio Direttivo e tenuto conto dell\u2019elevato numero degli Associati, dovr\u00e0 consentire il pi\u00f9 agevole esercizio dei diritti in argomento spettanti agli Associati stessi.<\/p>\n<p style=\"text-align: justify;\">Nessuna copia o estratto dei Libri Sociali qui in argomento potr\u00e0 essere acquisita e\/o asportata dalla sede legale.<\/p>\n<p style=\"text-align: justify;\">Essi hanno l\u2019obbligo di osservare il presente Statuto e le delibere, anche di natura regolamentare, dei competenti organi dell\u2019Associazione<\/p>\n<p style=\"text-align: justify;\">La quota associativa e la qualifica di associato sono intrasmissibili, fatti salvi i trasferimenti a causa di morte. La quota associativa non \u00e8 rivalutabile.<\/p>\n[\/vc_column_text][mk_padding_divider][mk_fancy_title color=&#8221;#003e87&#8243; size=&#8221;18&#8243; force_font_size=&#8221;true&#8221; size_smallscreen=&#8221;18&#8243; size_tablet=&#8221;14&#8243; size_phone=&#8221;10&#8243; line_height=&#8221;70&#8243; font_family=&#8221;MS Sans Serif, Geneva, sans-serif&#8221; font_type=&#8221;safefont&#8221;]<strong>Art. 4 \u2013 ISCRIZIONE DELL\u2019ASSOCIATO, QUOTA ASSOCIATIVA E RISOLUZIONE DEL RAPPORTO ASSOCIATIVO<\/strong>[\/mk_fancy_title][vc_column_text css=&#8221;.vc_custom_1716474833503{margin-bottom: 0px !important;}&#8221;]\n<p style=\"text-align: justify;\">L\u2019iscrizione degli Associati si realizza con il versamento della quota associativa annua ed avr\u00e0 decorrenza dalla data di accettazione della domanda.<\/p>\n<p style=\"text-align: justify;\">La quota associativa annua garantir\u00e0 lo status di Associato fino al 31 dicembre dell\u2019anno in cui il versamento della quota \u00e8 avvenuto.<\/p>\n<p style=\"text-align: justify;\">Gli Associati decadranno automaticamente dalla propria qualifica nel caso non dovessero versare negli anni successivi, ed entro il termine stabilito dal Consiglio Direttivo, la quota associativa annua.<\/p>\n<p style=\"text-align: justify;\">Con propria delibera motivata, il Consiglio Direttivo potr\u00e0 inoltre revocare la qualifica di associato nei confronti dell\u2019Associato che terr\u00e0 comportamenti riprovevoli o in ogni caso non rispettosi delle finalit\u00e0 e degli scopi dell\u2019Associazione.<\/p>\n<p style=\"text-align: justify;\">Qualora un Associato perdesse, per qualsiasi motivo, la qualifica di associato, la successiva riammissione dovr\u00e0 essere approvata dal Consiglio Direttivo con propria delibera motivata. La misura della quota associativa annua \u00e8 stabilit\u00e0 dal Consiglio Direttivo entro il mese di gennaio di ogni esercizio sociale.<\/p>\n<p style=\"text-align: justify;\">In caso di decesso dell\u2019Associato, i suoi familiari possono mantenere l\u2019iscrizione all\u2019Associazione, previa richiesta scritta.<\/p>\n<p style=\"text-align: justify;\">Il rapporto associativo viene meno per il recesso dell\u2019Associato, da comunicarsi per iscritto al Consiglio Direttivo entro il 31 ottobre di ogni anno. Il rapporto associativo si intende cessato a partire dal 1\u00b0 gennaio dell\u2019anno successivo.<\/p>\n<p style=\"text-align: justify;\">Una volta cessato il rapporto associativo a qualsiasi titolo, il Socio perder\u00e0 definitivamente il diritto all\u2019iscrizione.<\/p>\n<p style=\"text-align: justify;\">Il venir meno, a qualsiasi titolo, della qualifica di Associato comporta l&#8217;immediata decadenza da qualsiasi incarico elettivo eventualmente ricoperto dall\u2019Associato stesso.<\/p>\n<p style=\"text-align: justify;\">L\u2019Associato, in caso di perdita per qualsiasi ragione, della relativa qualifica, non potr\u00e0 pretendere la restituzione della quota associativa annua e\/o di qualsiasi apporto all\u2019Associazione.<\/p>\n[\/vc_column_text][mk_padding_divider][mk_fancy_title color=&#8221;#003e87&#8243; size=&#8221;18&#8243; force_font_size=&#8221;true&#8221; size_smallscreen=&#8221;18&#8243; size_tablet=&#8221;14&#8243; size_phone=&#8221;10&#8243; line_height=&#8221;70&#8243; font_family=&#8221;MS Sans Serif, Geneva, sans-serif&#8221; font_type=&#8221;safefont&#8221;]<strong>Art. 5 \u2013 ORGANI DELL\u2019ASSOCIAZIONE<\/strong>[\/mk_fancy_title][vc_column_text css=&#8221;.vc_custom_1716474846688{margin-bottom: 0px !important;}&#8221;]\n<p style=\"text-align: justify;\">Gli Organi dell\u2019Associazione sono:<\/p>\n<ul style=\"text-align: justify;\">\n<li>A &#8211; L\u2019Assemblea degli Associati<\/li>\n<li>B &#8211; il Consiglio Direttivo<\/li>\n<li>C &#8211; il Presidente ed il Vice Presidente<\/li>\n<li>E &#8211; il Collegio dei Revisori<\/li>\n<\/ul>\n<p style=\"text-align: justify;\">Tutte le cariche nell\u2019ambito dell\u2019Associazione sono liberamente eleggibili, possono essere ricoperte dai soli Associati, hanno carattere elettivo e sono a titolo gratuito, salvo il solo rimborso analitico delle spese vive sostenute per l\u2019esecuzione del mandato.<\/p>\n[\/vc_column_text][mk_padding_divider][mk_fancy_title color=&#8221;#003e87&#8243; size=&#8221;18&#8243; force_font_size=&#8221;true&#8221; size_smallscreen=&#8221;18&#8243; size_tablet=&#8221;14&#8243; size_phone=&#8221;10&#8243; line_height=&#8221;70&#8243; font_family=&#8221;MS Sans Serif, Geneva, sans-serif&#8221; font_type=&#8221;safefont&#8221;]<strong>Art. 6 \u2013 ASSEMBLEA DEGLI ASSOCIATI<\/strong>[\/mk_fancy_title][vc_column_text css=&#8221;.vc_custom_1716474857821{margin-bottom: 0px !important;}&#8221;]\n<p style=\"text-align: justify;\"><strong>1.\u00a0 Norme generali<\/strong><\/p>\n<p style=\"text-align: justify;\">L\u2019Assemblea degli Associati \u2013 di seguito, per brevit\u00e0 \u201c<em>Assemblea<\/em>\u201d &#8211; \u00e8 il massimo Organo dell\u2019Associazione, ed \u00e8 sovrana, nell\u2019ambito delle norme statutarie.<\/p>\n<p style=\"text-align: justify;\">Hanno diritto a partecipare all\u2019Assemblea tutti coloro che sono Associati in base alle norme che precedono, senza esclusione alcuna.<\/p>\n<p style=\"text-align: justify;\">L\u2019assemblea pu\u00f2 essere ordinaria o straordinaria.<\/p>\n<p style=\"text-align: justify;\">L\u2019Assemblea Ordinaria si riunisce tutte le volte che il Consiglio Direttivo lo riterr\u00e0 opportuno ed in ogni caso almeno una volta l\u2019anno entro il sesto mese successivo alla chiusura dell\u2019esercizio sociale per l\u2019approvazione del bilancio\/rendiconto consuntivo.<\/p>\n<p style=\"text-align: justify;\">L\u2019Assemblea in sede ordinaria delibera su tutti gli argomenti relativi alla gestione dell\u2019Associazione ed in particolare:<\/p>\n<ol style=\"text-align: justify;\">\n<li>provvede all\u2019approvazione del bilancio\/rendiconto consuntivo dell\u2019esercizio;<\/li>\n<li>esamina, attraverso la relazione del Consiglio Direttivo l\u2019attivit\u00e0 svolta nell\u2019anno precedente;<\/li>\n<li>stabilisce i principi generali per lo svolgimento delle attivit\u00e0;<\/li>\n<li>su proposta del Consiglio Direttivo, approva il regolamento elettorale per la nomina degli Organi dell\u2019Associazione;<\/li>\n<\/ol>\n<p style=\"text-align: justify;\"><strong>2.\u00a0 Convocazione e svolgimento delle Assemblee, principio del voto singolo<\/strong><\/p>\n<p style=\"text-align: justify;\">L\u2019assemblea dovr\u00e0 essere convocata nella citt\u00e0 ove \u00e8 situata la sede legale.<\/p>\n<p style=\"text-align: justify;\">L\u2019assemblea \u00e8 indetta e convocata dal Consiglio Direttivo o, in caso di urgenza, dal Presidente oppure da almeno 1\/30 (un trentesimo) degli associati che ne facciano richiesta. Le convocazioni dell\u2019Assemblea dovranno essere inviate a tutti gli Associati con ogni mezzo idoneo almeno venti giorni prima di quello fissato per l\u2019adunanza.<\/p>\n<p style=\"text-align: justify;\">Le convocazioni dovranno contenere le indicazioni della data, dell\u2019ora e del luogo di svolgimento dell\u2019assemblea, nonch\u00e9 gli argomenti posti all\u2019ordine del giorno.<\/p>\n<p style=\"text-align: justify;\">L\u2019avviso di convocazione dell\u2019Assemblea andr\u00e0 pubblicato anche sul sito Internet dell\u2019Associazione almeno dieci giorni prima di quello fissato per l\u2019adunanza e riportante tutte le indicazioni di cui al comma precedente.<\/p>\n<p style=\"text-align: justify;\">L\u2019assemblea potr\u00e0 tenersi anche in seconda convocazione e andr\u00e0 fissata in giorno diverso da quello della prima convocazione, ma comunque non oltre 30 giorni dalla data della prima convocazione.<\/p>\n<p style=\"text-align: justify;\">Per deliberare in merito a modifiche statutarie, acquisto e cessione di beni immobili, costituzione di societ\u00e0 e acquisizione di partecipazioni, trasformazione, fusione e scissione dell\u2019Associazione e scioglimento della stessa, la convocazione della riunione assembleare potr\u00e0 avvenire anche su richiesta di almeno il 10 (dieci) per cento degli aventi diritto al voto. Tale richiesta dovr\u00e0 indicare l\u2019argomento da trattare e dovr\u00e0 essere inviata al Consiglio Direttivo affinch\u00e9 si possa procedere alle convocazioni. Esso dovr\u00e0 indire la riunione entro 15 giorni dal pervenimento della suddetta richiesta e la riunione stessa dovr\u00e0 svolgersi entro i successivi 30 giorni.<\/p>\n<p style=\"text-align: justify;\">Ad ogni associato spetta un solo voto qualunque sia il valore delle quote o dei contributi apportati.<\/p>\n<p style=\"text-align: justify;\">Gli associati potranno anche farsi rappresentare, mediante delega scritta, da un altro associato avente il diritto di partecipare all\u2019Assemblea.<\/p>\n<p style=\"text-align: justify;\">In ogni caso, nessuno potr\u00e0 rappresentare oltre s\u00e9 stesso:<\/p>\n<ul style=\"text-align: justify;\">\n<li>pi\u00f9 di tre associati, qualora il numero totale degli associati nell\u2019esercizio in cui si tiene l\u2019assemblea, sia inferiore a cinquecento;<\/li>\n<li>pi\u00f9 di cinque associati, qualora il numero totale degli associati nell\u2019esercizio in cui si tiene l\u2019assemblea, sia non inferiore a<\/li>\n<\/ul>\n<p style=\"text-align: justify;\">L\u2019assemblea \u00e8 presieduta dal Presidente, o in sua assenza dal Vice Presidente o, in caso di assenza di entrambi, dal soggetto nominato dall\u2019Assemblea.<\/p>\n<p style=\"text-align: justify;\">Il Presidente dell\u2019Assemblea provvede a nominare un segretario per la verbalizzazione degli atti dell\u2019Assemblea.<\/p>\n<p style=\"text-align: justify;\">Il verbale relativo a ogni delibera assembleare, completo degli eventuali allegati, rimane depositato presso la segreteria per 30 gg. dalla data in cui si \u00e8 tenuta l\u2019Assemblea.<\/p>\n<p style=\"text-align: justify;\">Eventuali impugnazioni dovranno essere proposte, a pena di decadenza, al Consiglio Direttivo, presso la sede sociale, a mezzo raccomandata a.r., entro trenta giorni dalla data dell\u2019Assemblea.<\/p>\n<p style=\"text-align: justify;\"><strong>3.\u00a0 Quorum costitutivi e deliberativi delle Assemblee<\/strong><\/p>\n<p style=\"text-align: justify;\">L\u2019<em>Assemblea ordinaria <\/em>\u00e8 regolarmente costituita:<\/p>\n<ul style=\"text-align: justify;\">\n<li>in prima convocazione, da tanti Associati che rappresentino la maggioranza assoluta degli aventi diritto al voto;<\/li>\n<li>in seconda convocazione, qualunque sia il numero degli associati<\/li>\n<\/ul>\n<p style=\"text-align: justify;\">L\u2019assemblea ordinaria delibera con il voto favorevole di tanti Associati che rappresentino almeno la maggioranza assoluta degli intervenuti.<\/p>\n<p style=\"text-align: justify;\">L\u2019<em>Assemblea straordinaria <\/em>\u00e8 regolarmente costituita:<\/p>\n<ul style=\"text-align: justify;\">\n<li>in prima convocazione, da tanti associati che rappresentino almeno i due terzi degli aventi\u00a0 diritto al voto;<\/li>\n<li>in seconda convocazione qualora sia presente in proprio o per delega almeno:\n<ul>\n<li>1\/3 (un terzo) degli associati, qualora il numero totale degli associati nell\u2019esercizio in cui si tiene l\u2019assemblea, sia inferiore a cinquecento<\/li>\n<li>1\/5 (un quinto) degli associati, qualora il numero totale degli associati nell\u2019esercizio in cui si tiene l\u2019assemblea, sia non inferiore a cinquecento.<\/li>\n<\/ul>\n<\/li>\n<\/ul>\n<p style=\"text-align: justify;\">L\u2019Assemblea cos\u00ec costituita deliberer\u00e0 a maggioranza assoluta sui seguenti punti:<\/p>\n<ul style=\"text-align: justify;\">\n<li>Acquisto e cessione di beni immobili;<\/li>\n<li>Costituzione di societ\u00e0 ed acquisto o cessione di partecipazioni;<\/li>\n<li>Modifiche dello statuto proposte dal Consiglio Direttivo;<\/li>\n<\/ul>\n<p style=\"text-align: justify;\">Inoltre, l\u2019Assemblea che dovr\u00e0 deliberare sulla trasformazione, scissione e fusione dell\u2019Associazione, nonch\u00e9 sullo scioglimento dell\u2019Associazione stessa e sulla devoluzione del suo patrimonio, deliberer\u00e0 con il voto favorevole dei \u00be (tre quarti) degli associati.<\/p>\n[\/vc_column_text][mk_padding_divider][mk_fancy_title color=&#8221;#003e87&#8243; size=&#8221;18&#8243; force_font_size=&#8221;true&#8221; size_smallscreen=&#8221;18&#8243; size_tablet=&#8221;14&#8243; size_phone=&#8221;10&#8243; line_height=&#8221;70&#8243; font_family=&#8221;MS Sans Serif, Geneva, sans-serif&#8221; font_type=&#8221;safefont&#8221;]<strong>Art. 7 \u2013 CONSIGLIO DIRETTIVO<\/strong>[\/mk_fancy_title][vc_column_text css=&#8221;.vc_custom_1716474869409{margin-bottom: 0px !important;}&#8221;]\n<p style=\"text-align: justify;\"><strong>1.\u00a0 Norme generali, libera eleggibilit\u00e0 e durata<\/strong><\/p>\n<p style=\"text-align: justify;\">L\u2019Associazione \u00e8 amministrata da un Consiglio Direttivo composto da un minimo di 5 (cinque) ad un massimo di 11 (undici) componenti.<\/p>\n<p style=\"text-align: justify;\">Tutti i componenti del Consiglio Direttivo sono liberamente eleggibili.<\/p>\n<p style=\"text-align: justify;\">I Consiglieri e i Revisori dei Conti durano in carica 5 (cinque) esercizi e sono rieleggibili per il periodo di volta in volta stabilito dal regolamento elettorale ed in ogni caso per non pi\u00f9 di 3 (tre) mandati consecutivi.<\/p>\n<p style=\"text-align: justify;\">Il Consiglio Direttivo \u00e8 convocato dal Presidente o, in caso di impossibilit\u00e0 dello stesso, dal vice Presidente, oppure da almeno 3 (tre) componenti del Consiglio stesso.<\/p>\n<p style=\"text-align: justify;\">In caso di inerzia da parte del Presidente e del Vice Presidente, il Consiglio pu\u00f2 essere convocato anche su iniziativa del Collegio dei Revisori.<\/p>\n<p style=\"text-align: justify;\">Il Consiglio dovr\u00e0 riunirsi nella citt\u00e0 ove \u00e8 situata la sede legale.<\/p>\n<p style=\"text-align: justify;\">La partecipazione alle riunioni del Consiglio Direttivo pu\u00f2 avvenire anche in \u201cvideo\/call conference\u201d o con le eventuali altre modalit\u00e0 \u201ca distanza\u201d tempo per tempo individuate.<\/p>\n<p style=\"text-align: justify;\">Le riunioni del Consiglio sono presiedute dal Presidente o, in caso di sua assenza dal Vice Presidente; in caso di assenza di entrambi, sono presiedute dal Consigliere presente pi\u00f9 anziano.<\/p>\n<p style=\"text-align: justify;\">Le delibere del Consiglio per essere valide devono risultare dal verbale trascritto sull&#8217;apposito libro e sottoscritto dal Presidente e dal segretario di volta in volta nominato.<\/p>\n<p style=\"text-align: justify;\"><strong>2.\u00a0 Convocazione, quorum e delibere<\/strong><\/p>\n<p style=\"text-align: justify;\">La convocazione deve essere inviata almeno 7 giorni prima della data fissata per la riunione mediante avviso trasmesso tramite posta elettronica o altri mezzi idonei agli indirizzi di tutti i componenti del Consiglio Direttivo e del Collegio dei Revisori, comunicando l&#8217;ordine del giorno, il luogo, la data e l&#8217;ora della riunione.<\/p>\n<p style=\"text-align: justify;\">In caso di urgenza, la convocazione pu\u00f2 essere trasmessa ventiquattro ore prima della data fissata per la riunione.<\/p>\n<p style=\"text-align: justify;\">Le riunioni del Consiglio sono regolarmente costituite con la presenza della maggioranza dei suoi componenti.<\/p>\n<p style=\"text-align: justify;\">Si riterranno comunque valide le riunioni del Consiglio anche non precedute da formale convocazione, quando sia presente la totalit\u00e0 dei membri del Consiglio stesso ed almeno un componente del Collegio dei Revisori<\/p>\n<p style=\"text-align: justify;\">Salvo altre diverse specifiche indicazioni del presente Statuto, le deliberazioni del Consiglio Direttivo sono valide quando sono assunte con il voto favorevole della maggioranza semplice dei Consiglieri presenti.<\/p>\n<p style=\"text-align: justify;\">In caso di parit\u00e0 di voti, il voto espresso dal Presidente, o da chi presiede, avr\u00e0 valore doppio e prevarr\u00e0 pertanto la delibera appoggiata dal voto del Presidente della riunione.<\/p>\n<p style=\"text-align: justify;\">In caso di necessit\u00e0 o urgenza il Presidente \u00e8 competente a svolgere tutte le funzioni ed i compiti attribuiti al Consiglio Direttivo, salvo successiva ratifica da parte del Consiglio stesso.<\/p>\n<p style=\"text-align: justify;\"><strong>3.\u00a0 Poteri e funzioni<\/strong><\/p>\n<p style=\"text-align: justify;\">Al Consiglio Direttivo sono attribuiti tutti i poteri, nessuno escluso, per la gestione dell\u2019Associazione e per il raggiungimento degli scopi sociali, fatto salvo quanto per Legge o per disposizioni dello Statuto \u00e8 esplicitamente riservato all\u2019Assemblea.<\/p>\n<p style=\"text-align: justify;\">Compete al Consiglio Direttivo redigere il Regolamento Elettorale da sottoporre all\u2019approvazione dell\u2019Assemblea nonch\u00e9 l\u2019emanazione delle norme per il raggiungimento delle finalit\u00e0 associative e di quelle per il funzionamento dei Gruppi ove costituiti.<\/p>\n<p style=\"text-align: justify;\">Il Consiglio pu\u00f2 anche nominare un Segretario, determinandone le funzioni ed i poteri.<\/p>\n<p style=\"text-align: justify;\"><strong>4.\u00a0 Sopravvenuta mancanza di Consiglieri e decadenza<\/strong><\/p>\n<p style=\"text-align: justify;\">Qualora durante il corso del mandato vengano a mancare per qualsiasi motivo al Consiglio Direttivo uno o pi\u00f9 Consiglieri, per la relativa integrazione subentreranno coloro che nei risultati delle votazioni precedenti hanno riportato il maggior numero di voti dopo l\u2019ultimo eletto. I Consiglieri subentrati in carica vi permangono fino alla scadenza del periodo che sarebbe spettato di diritto ai membri sostituiti.<\/p>\n<p style=\"text-align: justify;\">Nel caso in cui non vi fossero soggetti idonei ad assumere l\u2019incarico di Consigliere, resta in carica il Consiglio Direttivo cos\u00ec come rimasto, a meno che i Consiglieri mancanti non<\/p>\n<p style=\"text-align: justify;\">rappresentino la maggioranza dell\u2019intero Consiglio Direttivo, nel qual caso l\u2019intero Consiglio si considerer\u00e0 decaduto ed il Presidente dovr\u00e0 indire nuove elezioni entro novanta giorni per l\u2019elezione del nuovo Consiglio Direttivo.<\/p>\n<p style=\"text-align: justify;\">Nel periodo che intercorre tra la decadenza del Consiglio Direttivo e la nomina di un nuovo Consiglio Direttivo, la gestione dell\u2019Associazione, che dovr\u00e0 limitarsi ai soli atti di ordinaria amministrazione e nell\u2019ambito della disponibilit\u00e0 di cassa, verr\u00e0 assunta temporaneamente dal Presidente, o in sua mancanza dal Vice Presidente o, in mancanza a anche di questi, dal Consigliere pi\u00f9 anziano.<\/p>\n<p style=\"text-align: justify;\">I membri del Consiglio Direttivo che non intervengono senza valida giustificazione a quattro sedute consecutive, decadono dalla carica e per la loro sostituzione si applicano le norme che precedono.<\/p>\n[\/vc_column_text][mk_padding_divider][mk_fancy_title color=&#8221;#003e87&#8243; size=&#8221;18&#8243; force_font_size=&#8221;true&#8221; size_smallscreen=&#8221;18&#8243; size_tablet=&#8221;14&#8243; size_phone=&#8221;10&#8243; line_height=&#8221;70&#8243; font_family=&#8221;MS Sans Serif, Geneva, sans-serif&#8221; font_type=&#8221;safefont&#8221;]<strong>Art. 8 \u2013 PRESIDENTE E VICE PRESIDENTE<\/strong>[\/mk_fancy_title][vc_column_text css=&#8221;.vc_custom_1716474879295{margin-bottom: 0px !important;}&#8221;]\n<p style=\"text-align: justify;\"><strong>1.\u00a0 Norme generali<\/strong><\/p>\n<p style=\"text-align: justify;\">Il Presidente ed il Vice Presidente sono nominati dal Consiglio Direttivo alla prima seduta successiva alle elezioni, che sar\u00e0 presieduta dal consigliere pi\u00f9 anziano d\u2019et\u00e0.<\/p>\n<p style=\"text-align: justify;\">Essi mantengono la carica per tutta la durata del mandato del Consiglio Direttivo. Il Vice Presidente sostituisce il Presidente quando questi sia assente o impedito.<\/p>\n<p style=\"text-align: justify;\"><strong>2.\u00a0 Legale rappresentanza<\/strong><\/p>\n<p style=\"text-align: justify;\">Al Presidente ed al Vice Presidente \u00e8 attribuita, disgiuntamente tra loro, la legale rappresentanza dell\u2019Associazione.<\/p>\n<p style=\"text-align: justify;\"><strong>3.\u00a0 Poteri di firma<\/strong><\/p>\n<p style=\"text-align: justify;\">I titoli di pagamento debbono recare sempre 2 (due) firme: quella del Presidente e del Vice Presidente o, in sua assenza, di un altro delegato\/i nominato\/i dal Consiglio Direttivo.<\/p>\n[\/vc_column_text][mk_padding_divider][mk_fancy_title color=&#8221;#003e87&#8243; size=&#8221;18&#8243; force_font_size=&#8221;true&#8221; size_smallscreen=&#8221;18&#8243; size_tablet=&#8221;14&#8243; size_phone=&#8221;10&#8243; line_height=&#8221;70&#8243; font_family=&#8221;MS Sans Serif, Geneva, sans-serif&#8221; font_type=&#8221;safefont&#8221;]<strong>Art. 9 \u2013 PATRIMONIO E RISORSE<\/strong>[\/mk_fancy_title][vc_column_text css=&#8221;.vc_custom_1716474888027{margin-bottom: 0px !important;}&#8221;]\n<p style=\"text-align: justify;\"><strong>1.\u00a0 Patrimonio<\/strong><\/p>\n<p style=\"text-align: justify;\">L\u2019Associazione \u00e8 dotata di un patrimonio di Euro 100.000,00 (euro centomila) formatosi con i conferimenti e le riserve delle gestioni.<\/p>\n<p style=\"text-align: justify;\"><strong>2.\u00a0 Risorse<\/strong><\/p>\n<p style=\"text-align: justify;\">Per il raggiungimento delle proprie finalit\u00e0, le risorse dell\u2019Associazione sono costituite dalle quote associative e dai contributi versati dagli Associati per la partecipazione alle attivit\u00e0 organizzate e promosse dall\u2019Associazione.<\/p>\n<p style=\"text-align: justify;\">L\u2019Associazione pu\u00f2 inoltre ricevere:<\/p>\n<ul style=\"text-align: justify;\">\n<li>contributi ed erogazioni liberali da altri Enti, Organismi e privati;<\/li>\n<li>lasciti, donazioni, atti di liberalit\u00e0;<\/li>\n<li>proventi rivenienti da eventuali impieghi delle proprie disponibilit\u00e0 finanziarie e delle strutture materiali poste nella disponibilit\u00e0 dell\u2019Associazione;<\/li>\n<li>proventi dalle varie attivit\u00e0 ed iniziative.<\/li>\n<\/ul>\n<p style=\"text-align: justify;\">Al fine del migliore raggiungimento degli scopi sociali, l\u2019Associazione pu\u00f2 anche svolgere, in via non prevalente, anche attivit\u00e0 commerciali in ogni caso connesse alle attivit\u00e0 previste nello scopo sociale.<\/p>\n<p style=\"text-align: justify;\">Il Patrimonio che nel tempo verr\u00e0 formandosi per effetto di eventuali utili o avanzi di gestione, e gli altri beni comunque nella disponibilit\u00e0 dell\u2019Associazione, non possono essere utilizzati per fini diversi da quelli previsti dal presente Statuto, n\u00e9 possono essere distribuiti o ceduti, a qualsiasi titolo ed anche in forme indirette, agli Associati durante la vita dell\u2019Associazione, salvo che la destinazione o la distribuzione non siano imposte della legge.<\/p>\n[\/vc_column_text][mk_padding_divider][mk_fancy_title color=&#8221;#003e87&#8243; size=&#8221;18&#8243; force_font_size=&#8221;true&#8221; size_smallscreen=&#8221;18&#8243; size_tablet=&#8221;14&#8243; size_phone=&#8221;10&#8243; line_height=&#8221;70&#8243; font_family=&#8221;MS Sans Serif, Geneva, sans-serif&#8221; font_type=&#8221;safefont&#8221;]<strong>Art. 10 \u2013 COLLEGIO DEI REVISORI<\/strong>[\/mk_fancy_title][vc_column_text css=&#8221;.vc_custom_1716474897735{margin-bottom: 0px !important;}&#8221;]\n<p style=\"text-align: justify;\">Il controllo dell&#8217;attivit\u00e0 dell\u2019Associazione viene esercitato da un Collegio dei Revisori (di seguito, per brevit\u00e0, \u201c<em>Collegio<\/em>\u201d) composto da tre componenti effettivi e due supplenti nominati secondo quanto contemplato dal regolamento elettorale.<\/p>\n<p style=\"text-align: justify;\">Il Collegio \u00e8 nominato per cinque esercizi sociali e quindi fino all\u2019assemblea che approver\u00e0 il bilancio\/rendiconto del quinto esercizio di nomina.<\/p>\n<p style=\"text-align: justify;\">I componenti del Collegio sono eletti dagli Associati in base a quanto previsto dall\u2019art. 30 del D.Lgs 117\/2017 e sono rieleggibili.<\/p>\n<p style=\"text-align: justify;\">Il Collegio dei Revisori:<\/p>\n<ul>\n<li style=\"text-align: justify;\">nomina al suo interno il Presidente;<\/li>\n<li style=\"text-align: justify;\">controlla l&#8217;amministrazione\u00a0\u00a0\u00a0\u00a0\u00a0 dell&#8217;Associazione\u00a0\u00a0\u00a0 e\u00a0\u00a0\u00a0\u00a0 la\u00a0\u00a0\u00a0\u00a0 corrispondenza\u00a0\u00a0\u00a0\u00a0\u00a0 del bilancio\/rendiconto alle scritture contabili;<\/li>\n<li style=\"text-align: justify;\">vigila sul rispetto dello Statuto;<\/li>\n<li style=\"text-align: justify;\">esegue controlli ed ispezioni periodiche;<\/li>\n<li style=\"text-align: justify;\">partecipa anche in video conferenza alle riunioni del Consiglio Direttivo;<\/li>\n<li style=\"text-align: justify;\">presenta la propria relazione annuale sul bilancio\/rendiconto<\/li>\n<\/ul>\n[\/vc_column_text][mk_padding_divider][mk_fancy_title color=&#8221;#003e87&#8243; size=&#8221;18&#8243; force_font_size=&#8221;true&#8221; size_smallscreen=&#8221;18&#8243; size_tablet=&#8221;14&#8243; size_phone=&#8221;10&#8243; line_height=&#8221;70&#8243; font_family=&#8221;MS Sans Serif, Geneva, sans-serif&#8221; font_type=&#8221;safefont&#8221;]<strong>Art. 11 \u2013 ESERCIZIO SOCIALE, BILANCIO\/RENDICONTO DELL\u2019ESERCIZIO, LIBRI SOCIALI<\/strong>[\/mk_fancy_title][vc_column_text css=&#8221;.vc_custom_1716474909104{margin-bottom: 0px !important;}&#8221;]\n<p style=\"text-align: justify;\"><strong>1.\u00a0 Esercizio sociale<\/strong><\/p>\n<p style=\"text-align: justify;\">L\u2019esercizio sociale corrisponde con l\u2019anno solare e si chiude pertanto al 31 dicembre di ogni anno.<\/p>\n<p style=\"text-align: justify;\"><strong>2.\u00a0 Bilancio\/rendiconto<\/strong><\/p>\n<p style=\"text-align: justify;\">Per ogni esercizio sociale deve essere redatto il rendiconto economico e finanziario, che potr\u00e0 assumere anche la forma di bilancio secondo gli ordinari principi ragionieristici, le norme di legge in materia di Enti del Terzo Settore ed in base ai criteri che il Consiglio Direttivo riterr\u00e0 pi\u00f9 opportuni per fornire la corretta e chiara rappresentazione dei fatti economici e finanziari dell\u2019Associazione.<\/p>\n<p style=\"text-align: justify;\">Il bilancio\/rendiconto deve essere sottoposto all\u2019approvazione dall\u2019Assemblea, entro e non oltre il sesto mese successivo alla chiusura dell\u2019esercizio sociale.<\/p>\n<p style=\"text-align: justify;\">Entro trenta giorni dalla data di approvazione da parte dell\u2019Assemblea, il bilancio\/rendiconto sar\u00e0 pubblicato nel sito Internet dell\u2019Associazione e in tutti i Registri specificatamente previsti dalla Legge.<\/p>\n<p style=\"text-align: justify;\"><strong>3.\u00a0 Libri sociali<\/strong><\/p>\n<p style=\"text-align: justify;\">L\u2019Associazione adotta i seguenti libri sociali:<\/p>\n<ul style=\"text-align: justify;\">\n<li>Libro delle delibere dell\u2019Assemblea degli Associati;<\/li>\n<li>Libro delle delibere del Consiglio Direttivo;<\/li>\n<li>Libro dei verbali del Collegio dei Revisori;<\/li>\n<li>Libro degli<\/li>\n<\/ul>\n<p style=\"text-align: justify;\">I libri sociali possono essere tenuti nella forma che il Consiglio Direttivo riterr\u00e0 pi\u00f9 opportuna e quindi anche in forma elettronica.<\/p>\n[\/vc_column_text][mk_padding_divider][mk_fancy_title color=&#8221;#003e87&#8243; size=&#8221;18&#8243; force_font_size=&#8221;true&#8221; size_smallscreen=&#8221;18&#8243; size_tablet=&#8221;14&#8243; size_phone=&#8221;10&#8243; line_height=&#8221;70&#8243; font_family=&#8221;MS Sans Serif, Geneva, sans-serif&#8221; font_type=&#8221;safefont&#8221;]<strong>Art. 12 &#8211; SCIOGLIMENTO E DISPOSIZIONI FINALI<\/strong>[\/mk_fancy_title][vc_column_text css=&#8221;.vc_custom_1716474917373{margin-bottom: 0px !important;}&#8221;]\n<p style=\"text-align: justify;\"><strong>1.\u00a0 Estinzione o Scioglimento<\/strong><\/p>\n<p style=\"text-align: justify;\">In caso di estinzione o scioglimento dell\u2019Associazione, il patrimonio residuo \u00e8 devoluto, previo parere positivo dell\u2019Ufficio di cui all\u2019art. 45, comma 1, D.Lgs 117\/2017 (Ufficio regionale del Registro unico nazionale del Terzo settore) e salva diversa destinazione imposta dalla legge, ad altri enti del Terzo settore secondo le disposizioni statutarie o dell\u2019organo sociale competente o, in mancanza, alla Fondazione Italia Sociale.<\/p>\n<p style=\"text-align: justify;\">L\u2019Assemblea nominer\u00e0 un liquidatore il quale sar\u00e0 dotato di tutti i poteri necessari per giungere al completamento di tutte le operazioni di liquidazione.<\/p>\n<p style=\"text-align: justify;\">L\u2019assemblea potr\u00e0 anche nominare un consiglio di liquidatori, composto da due a cinque membri, il quale sar\u00e0 dotato di tutti i poteri sopra indicati ed operer\u00e0 in base alle norme previste dal presente statuto per il Consiglio Direttivo.<\/p>\n<p style=\"text-align: justify;\"><strong>2.\u00a0 Fusione<\/strong><\/p>\n<p style=\"text-align: justify;\">La fusione per incorporazione dell\u2019Associazione potr\u00e0 avvenire solo in altro organismo avente finalit\u00e0 e scopi analoghi o affini a quelli dell\u2019Associazione.<\/p>\n<p style=\"text-align: justify;\"><strong>3.\u00a0 Disposizioni finali<\/strong><\/p>\n<p style=\"text-align: justify;\">Il presente statuto entrer\u00e0 in vigore dal giorno di avvenuta iscrizione dell\u2019Associazione al Registro Unico del Terzo Settore (RUNTS).<\/p>\n<p style=\"text-align: justify;\">Per quanto non espressamente disposto dal presente Statuto si applicano le disposizioni di cui agli artt. 36 e segg. del codice civile e le ulteriori disposizioni di legge vigenti in materia. Le modifiche dello Statuto imposte da norme di legge non si considerano atti di natura straordinaria.<\/p>\n<p style=\"text-align: justify;\">Per quanto non espressamente contemplato dal presente Statuto, valgono, in quanto applicabili, le norme del Codice Civile e le disposizioni di legge vigenti.<\/p>\n[\/vc_column_text][mk_padding_divider][\/vc_column][\/vc_row][vc_row][vc_column width=&#8221;1\/5&#8243;][\/vc_column][vc_column width=&#8221;1\/5&#8243;][\/vc_column][vc_column width=&#8221;1\/5&#8243;][\/vc_column][vc_column width=&#8221;1\/5&#8243;][\/vc_column][vc_column width=&#8221;1\/5&#8243;][mk_button dimension=&#8221;savvy&#8221; corner_style=&#8221;rounded&#8221; size=&#8221;medium&#8221; icon=&#8221;mk-moon-download-4&#8243; url=&#8221;https:\/\/www.agoal.it\/wp-content\/uploads\/2024\/05\/nuovo-statuto-2024.pdf&#8221; target=&#8221;_blank&#8221; fullwidth=&#8221;true&#8221; outline_skin=&#8221;custom&#8221; outline_active_color=&#8221;#003e87&#8243; outline_active_text_color=&#8221;#003e87&#8243; outline_hover_bg_color=&#8221;#003e87&#8243; outline_hover_color=&#8221;#ffffff&#8221;]Download PDF[\/mk_button][\/vc_column][\/vc_row]\n<\/div>","protected":false},"excerpt":{"rendered":"<p>[vc_row fullwidth=&#8221;true&#8221;][vc_column][layerslider_vc id=&#8221;11&#8243;][mk_padding_divider][\/vc_column][\/vc_row][vc_row][vc_column][mk_fancy_title color=&#8221;#003e87&#8243; size=&#8221;20&#8243; force_font_size=&#8221;true&#8221; size_smallscreen=&#8221;18&#8243; size_tablet=&#8221;14&#8243; size_phone=&#8221;10&#8243; line_height=&#8221;70&#8243; font_family=&#8221;MS Sans Serif, Geneva, sans-serif&#8221; font_type=&#8221;safefont&#8221; align=&#8221;center&#8221;] ASSOCIAZIONE GESTIONE OPERE ASSISTENZIALI LAVORATORI ENTE DEL TERZO SETTORE &#8211; Iscritta Registro Unico Nazionale Terzo Settore rep. n. 30500 [\/mk_fancy_title][mk_padding_divider][mk_fancy_title color=&#8221;#003e87&#8243; size=&#8221;24&#8243; force_font_size=&#8221;true&#8221; size_smallscreen=&#8221;19&#8243; size_tablet=&#8221;15&#8243; size_phone=&#8221;11&#8243; line_height=&#8221;70&#8243; font_weight=&#8221;600&#8243; font_family=&#8221;MS Sans Serif, Geneva, sans-serif&#8221; font_type=&#8221;safefont&#8221; align=&#8221;center&#8221;]STATUTO[\/mk_fancy_title][mk_padding_divider][mk_fancy_title color=&#8221;#003e87&#8243; size=&#8221;18&#8243; force_font_size=&#8221;true&#8221; [&hellip;]<\/p>\n","protected":false},"author":1,"featured_media":0,"parent":0,"menu_order":0,"comment_status":"closed","ping_status":"closed","template":"","meta":{"_monsterinsights_skip_tracking":false,"_monsterinsights_sitenote_active":false,"_monsterinsights_sitenote_note":"","_monsterinsights_sitenote_category":0,"footnotes":""},"class_list":["post-2329","page","type-page","status-publish","hentry"],"publishpress_future_action":{"enabled":false,"date":"2026-05-09 04:50:27","action":"change-status","newStatus":"draft","terms":[],"taxonomy":""},"publishpress_future_workflow_manual_trigger":{"enabledWorkflows":[]},"_links":{"self":[{"href":"https:\/\/www.agoal.it\/index.php\/wp-json\/wp\/v2\/pages\/2329","targetHints":{"allow":["GET"]}}],"collection":[{"href":"https:\/\/www.agoal.it\/index.php\/wp-json\/wp\/v2\/pages"}],"about":[{"href":"https:\/\/www.agoal.it\/index.php\/wp-json\/wp\/v2\/types\/page"}],"author":[{"embeddable":true,"href":"https:\/\/www.agoal.it\/index.php\/wp-json\/wp\/v2\/users\/1"}],"replies":[{"embeddable":true,"href":"https:\/\/www.agoal.it\/index.php\/wp-json\/wp\/v2\/comments?post=2329"}],"version-history":[{"count":33,"href":"https:\/\/www.agoal.it\/index.php\/wp-json\/wp\/v2\/pages\/2329\/revisions"}],"predecessor-version":[{"id":12344,"href":"https:\/\/www.agoal.it\/index.php\/wp-json\/wp\/v2\/pages\/2329\/revisions\/12344"}],"wp:attachment":[{"href":"https:\/\/www.agoal.it\/index.php\/wp-json\/wp\/v2\/media?parent=2329"}],"curies":[{"name":"wp","href":"https:\/\/api.w.org\/{rel}","templated":true}]}}